{"id":88034,"date":"2024-06-06T11:34:14","date_gmt":"2024-06-06T09:34:14","guid":{"rendered":"https:\/\/www.amuz.krakow.pl\/?page_id=88034"},"modified":"2024-06-06T11:52:43","modified_gmt":"2024-06-06T09:52:43","slug":"rektor-amkp-uhonorowany-nagroda-ministra","status":"publish","type":"page","link":"https:\/\/www.amuz.krakow.pl\/en\/rektor-amkp-uhonorowany-nagroda-ministra\/","title":{"rendered":"Rektor AMKP uhonorowany nagrod\u0105 Ministry Kultury i Dziedzictwa Narodowego"},"content":{"rendered":"<p><a href=\"https:\/\/www.amuz.krakow.pl\/wp-content\/uploads\/2024\/06\/Nagroda-Minister-Kultury_dyplom-Rektora-scaled.jpg\" target=\"_blank\" rel=\"noopener\"><img loading=\"lazy\" decoding=\"async\" class=\"aligncenter wp-image-88037\" src=\"https:\/\/www.amuz.krakow.pl\/wp-content\/uploads\/2024\/06\/Nagroda-Minister-Kultury_dyplom-Rektora-scaled.jpg\" alt=\"\" width=\"400\" height=\"536\" srcset=\"https:\/\/www.amuz.krakow.pl\/wp-content\/uploads\/2024\/06\/Nagroda-Minister-Kultury_dyplom-Rektora-scaled.jpg 1528w, https:\/\/www.amuz.krakow.pl\/wp-content\/uploads\/2024\/06\/Nagroda-Minister-Kultury_dyplom-Rektora-224x300.jpg 224w, https:\/\/www.amuz.krakow.pl\/wp-content\/uploads\/2024\/06\/Nagroda-Minister-Kultury_dyplom-Rektora-768x1029.jpg 768w, https:\/\/www.amuz.krakow.pl\/wp-content\/uploads\/2024\/06\/Nagroda-Minister-Kultury_dyplom-Rektora-1146x1536.jpg 1146w\" sizes=\"auto, (max-width: 400px) 100vw, 400px\" \/><\/a><\/p>\n<p>We wtorek 4 czerwca br. <strong>JM Rektor AMKP,<\/strong> <strong>prof. dr hab. Wojciech Wid\u0142ak<\/strong>, zosta\u0142 uhonorowany przez Ministr\u0119 Kultury i Dziedzictwa Narodowego, Hann\u0119 Wr\u00f3blewsk\u0105, <strong>nagrod\u0105 za ca\u0142okszta\u0142t dorobku<\/strong>.<\/p>\n<figure id=\"attachment_88036\" aria-describedby=\"caption-attachment-88036\" style=\"width: 1024px\" class=\"wp-caption aligncenter\"><a href=\"https:\/\/www.amuz.krakow.pl\/wp-content\/uploads\/2024\/06\/Nagrody-Minister-Kultury2-fot.-L.Lis_gov.pl_.jpg\" target=\"_blank\" rel=\"noopener\"><img loading=\"lazy\" decoding=\"async\" class=\"wp-image-88036 size-full\" src=\"https:\/\/www.amuz.krakow.pl\/wp-content\/uploads\/2024\/06\/Nagrody-Minister-Kultury2-fot.-L.Lis_gov.pl_.jpg\" alt=\"\" width=\"1024\" height=\"683\" srcset=\"https:\/\/www.amuz.krakow.pl\/wp-content\/uploads\/2024\/06\/Nagrody-Minister-Kultury2-fot.-L.Lis_gov.pl_.jpg 1024w, https:\/\/www.amuz.krakow.pl\/wp-content\/uploads\/2024\/06\/Nagrody-Minister-Kultury2-fot.-L.Lis_gov.pl_-300x200.jpg 300w, https:\/\/www.amuz.krakow.pl\/wp-content\/uploads\/2024\/06\/Nagrody-Minister-Kultury2-fot.-L.Lis_gov.pl_-768x512.jpg 768w\" sizes=\"auto, (max-width: 1024px) 100vw, 1024px\" \/><\/a><figcaption id=\"caption-attachment-88036\" class=\"wp-caption-text\">fot. L. Lis \/ www.gov.pl<\/figcaption><\/figure>\n<p>Uroczysto\u015b\u0107 przyznania nagr\u00f3d oraz Z\u0142otych Medali &#8220;Zas\u0142u\u017cony Kulturze Gloria Artis&#8221; rektorom uczelni artystycznych odby\u0142a si\u0119 na Zamku Kr\u00f3lewskim w Warszawie. Odznaczenia wr\u0119czy\u0142a wiceminister Marta Cienkowska.<\/p>\n<p>Wi\u0119cej o nagrodzonych mo\u017cna przeczyta\u0107 <a href=\"https:\/\/www.gov.pl\/web\/kultura\/rektorzy-uczelni-artystycznych-odznaczeni-zlotymi-medalami-zasluzony-kulturze-gloria-artis\">na stronie Ministerstwa<\/a>.<\/p>\n<figure id=\"attachment_88038\" aria-describedby=\"caption-attachment-88038\" style=\"width: 1024px\" class=\"wp-caption aligncenter\"><a href=\"https:\/\/www.amuz.krakow.pl\/wp-content\/uploads\/2024\/06\/Nagrody-Minister-Kultury1-fot.-L.Lis_gov.pl_.jpg\" target=\"_blank\" rel=\"noopener\"><img loading=\"lazy\" decoding=\"async\" class=\"wp-image-88038 size-full\" src=\"https:\/\/www.amuz.krakow.pl\/wp-content\/uploads\/2024\/06\/Nagrody-Minister-Kultury1-fot.-L.Lis_gov.pl_.jpg\" alt=\"\" width=\"1024\" height=\"683\" srcset=\"https:\/\/www.amuz.krakow.pl\/wp-content\/uploads\/2024\/06\/Nagrody-Minister-Kultury1-fot.-L.Lis_gov.pl_.jpg 1024w, https:\/\/www.amuz.krakow.pl\/wp-content\/uploads\/2024\/06\/Nagrody-Minister-Kultury1-fot.-L.Lis_gov.pl_-300x200.jpg 300w, https:\/\/www.amuz.krakow.pl\/wp-content\/uploads\/2024\/06\/Nagrody-Minister-Kultury1-fot.-L.Lis_gov.pl_-768x512.jpg 768w\" sizes=\"auto, (max-width: 1024px) 100vw, 1024px\" \/><\/a><figcaption id=\"caption-attachment-88038\" class=\"wp-caption-text\">fot. L. Lis \/ www.gov.pl<\/figcaption><\/figure>\n","protected":false},"excerpt":{"rendered":"<p>We wtorek 4 czerwca br. JM Rektor AMKP, prof. dr hab. Wojciech Wid\u0142ak, zosta\u0142 uhonorowany przez Ministr\u0119 Kultury i Dziedzictwa Narodowego, Hann\u0119 Wr\u00f3blewsk\u0105, nagrod\u0105 za ca\u0142okszta\u0142t dorobku. Uroczysto\u015b\u0107 przyznania nagr\u00f3d&hellip; <a href=\"https:\/\/www.amuz.krakow.pl\/en\/rektor-amkp-uhonorowany-nagroda-ministra\/\">Continue reading<\/a><\/p>\n","protected":false},"author":72,"featured_media":88038,"parent":0,"menu_order":0,"comment_status":"closed","ping_status":"closed","template":"","meta":{"footnotes":"","_links_to":"","_links_to_target":""},"class_list":["post-88034","page","type-page","status-publish","has-post-thumbnail","hentry"],"yoast_head":"<!-- This site is optimized with the Yoast SEO plugin v27.5 - https:\/\/yoast.com\/product\/yoast-seo-wordpress\/ -->\n<title>AMKP - Akademia Muzyczna im. Krzysztofa Pendereckiego w Krakowie<\/title>\n<meta name=\"robots\" content=\"index, follow, max-snippet:-1, max-image-preview:large, max-video-preview:-1\" \/>\n<link rel=\"canonical\" href=\"https:\/\/www.amuz.krakow.pl\/rektor-amkp-uhonorowany-nagroda-ministra\/\" \/>\n<meta property=\"og:locale\" content=\"en_US\" \/>\n<meta property=\"og:type\" content=\"article\" \/>\n<meta property=\"og:title\" content=\"AMKP - Akademia Muzyczna im. Krzysztofa Pendereckiego w Krakowie\" \/>\n<meta property=\"og:description\" content=\"We wtorek 4 czerwca br. JM Rektor AMKP, prof. dr hab. Wojciech Wid\u0142ak, zosta\u0142 uhonorowany przez Ministr\u0119 Kultury i Dziedzictwa Narodowego, Hann\u0119 Wr\u00f3blewsk\u0105, nagrod\u0105 za ca\u0142okszta\u0142t dorobku. Uroczysto\u015b\u0107 przyznania nagr\u00f3d&hellip; Continue reading\" \/>\n<meta property=\"og:url\" content=\"https:\/\/www.amuz.krakow.pl\/rektor-amkp-uhonorowany-nagroda-ministra\/\" \/>\n<meta property=\"og:site_name\" content=\"Akademia Muzyczna im. Krzysztofa Pendereckiego w Krakowie\" \/>\n<meta property=\"article:publisher\" content=\"https:\/\/www.facebook.com\/amuz.krakow\" \/>\n<meta property=\"article:modified_time\" content=\"2024-06-06T09:52:43+00:00\" \/>\n<meta property=\"og:image\" content=\"https:\/\/www.amuz.krakow.pl\/wp-content\/uploads\/2024\/06\/Nagrody-Minister-Kultury1-fot.-L.Lis_gov.pl_.jpg\" \/>\n\t<meta property=\"og:image:width\" content=\"1024\" \/>\n\t<meta property=\"og:image:height\" content=\"683\" \/>\n\t<meta property=\"og:image:type\" content=\"image\/jpeg\" \/>\n<meta name=\"twitter:card\" content=\"summary_large_image\" \/>\n<meta name=\"twitter:label1\" content=\"Est. reading time\" \/>\n\t<meta name=\"twitter:data1\" content=\"2 minutes\" \/>\n<script type=\"application\/ld+json\" class=\"yoast-schema-graph\">{\"@context\":\"https:\\\/\\\/schema.org\",\"@graph\":[{\"@type\":\"WebPage\",\"@id\":\"https:\\\/\\\/www.amuz.krakow.pl\\\/rektor-amkp-uhonorowany-nagroda-ministra\\\/\",\"url\":\"https:\\\/\\\/www.amuz.krakow.pl\\\/rektor-amkp-uhonorowany-nagroda-ministra\\\/\",\"name\":\"AMKP - Akademia Muzyczna im. Krzysztofa Pendereckiego w Krakowie\",\"isPartOf\":{\"@id\":\"https:\\\/\\\/www.amuz.krakow.pl\\\/#website\"},\"primaryImageOfPage\":{\"@id\":\"https:\\\/\\\/www.amuz.krakow.pl\\\/rektor-amkp-uhonorowany-nagroda-ministra\\\/#primaryimage\"},\"image\":{\"@id\":\"https:\\\/\\\/www.amuz.krakow.pl\\\/rektor-amkp-uhonorowany-nagroda-ministra\\\/#primaryimage\"},\"thumbnailUrl\":\"https:\\\/\\\/www.amuz.krakow.pl\\\/wp-content\\\/uploads\\\/2024\\\/06\\\/Nagrody-Minister-Kultury1-fot.-L.Lis_gov.pl_.jpg\",\"datePublished\":\"2024-06-06T09:34:14+00:00\",\"dateModified\":\"2024-06-06T09:52:43+00:00\",\"breadcrumb\":{\"@id\":\"https:\\\/\\\/www.amuz.krakow.pl\\\/rektor-amkp-uhonorowany-nagroda-ministra\\\/#breadcrumb\"},\"inLanguage\":\"en-US\",\"potentialAction\":[{\"@type\":\"ReadAction\",\"target\":[\"https:\\\/\\\/www.amuz.krakow.pl\\\/rektor-amkp-uhonorowany-nagroda-ministra\\\/\"]}]},{\"@type\":\"ImageObject\",\"inLanguage\":\"en-US\",\"@id\":\"https:\\\/\\\/www.amuz.krakow.pl\\\/rektor-amkp-uhonorowany-nagroda-ministra\\\/#primaryimage\",\"url\":\"https:\\\/\\\/www.amuz.krakow.pl\\\/wp-content\\\/uploads\\\/2024\\\/06\\\/Nagrody-Minister-Kultury1-fot.-L.Lis_gov.pl_.jpg\",\"contentUrl\":\"https:\\\/\\\/www.amuz.krakow.pl\\\/wp-content\\\/uploads\\\/2024\\\/06\\\/Nagrody-Minister-Kultury1-fot.-L.Lis_gov.pl_.jpg\",\"width\":1024,\"height\":683},{\"@type\":\"BreadcrumbList\",\"@id\":\"https:\\\/\\\/www.amuz.krakow.pl\\\/rektor-amkp-uhonorowany-nagroda-ministra\\\/#breadcrumb\",\"itemListElement\":[{\"@type\":\"ListItem\",\"position\":1,\"name\":\"Strona g\u0142\u00f3wna\",\"item\":\"https:\\\/\\\/www.amuz.krakow.pl\\\/\"},{\"@type\":\"ListItem\",\"position\":2,\"name\":\"Rektor AMKP uhonorowany nagrod\u0105 Ministry Kultury i Dziedzictwa Narodowego\"}]},{\"@type\":\"WebSite\",\"@id\":\"https:\\\/\\\/www.amuz.krakow.pl\\\/#website\",\"url\":\"https:\\\/\\\/www.amuz.krakow.pl\\\/\",\"name\":\"Akademia Muzyczna im. Krzysztofa Pendereckiego w Krakowie\",\"description\":\"Oficjalna strona Akademii Muzycznej im. Krzysztofa Pendereckiego w Krakowie (AMKP).\",\"publisher\":{\"@id\":\"https:\\\/\\\/www.amuz.krakow.pl\\\/#organization\"},\"alternateName\":\"AMKP\",\"potentialAction\":[{\"@type\":\"SearchAction\",\"target\":{\"@type\":\"EntryPoint\",\"urlTemplate\":\"https:\\\/\\\/www.amuz.krakow.pl\\\/?s={search_term_string}\"},\"query-input\":{\"@type\":\"PropertyValueSpecification\",\"valueRequired\":true,\"valueName\":\"search_term_string\"}}],\"inLanguage\":\"en-US\"},{\"@type\":\"Organization\",\"@id\":\"https:\\\/\\\/www.amuz.krakow.pl\\\/#organization\",\"name\":\"Akademia Muzyczna im. Krzysztofa Pendereckiego w Krakowie\",\"alternateName\":\"AMKP\",\"url\":\"https:\\\/\\\/www.amuz.krakow.pl\\\/\",\"logo\":{\"@type\":\"ImageObject\",\"inLanguage\":\"en-US\",\"@id\":\"https:\\\/\\\/www.amuz.krakow.pl\\\/#\\\/schema\\\/logo\\\/image\\\/\",\"url\":\"https:\\\/\\\/www.amuz.krakow.pl\\\/wp-content\\\/uploads\\\/2021\\\/11\\\/amkp.jpg\",\"contentUrl\":\"https:\\\/\\\/www.amuz.krakow.pl\\\/wp-content\\\/uploads\\\/2021\\\/11\\\/amkp.jpg\",\"width\":1193,\"height\":591,\"caption\":\"Akademia Muzyczna im. Krzysztofa Pendereckiego w Krakowie\"},\"image\":{\"@id\":\"https:\\\/\\\/www.amuz.krakow.pl\\\/#\\\/schema\\\/logo\\\/image\\\/\"},\"sameAs\":[\"https:\\\/\\\/www.facebook.com\\\/amuz.krakow\",\"https:\\\/\\\/www.instagram.com\\\/amkpenderecki\\\/\",\"https:\\\/\\\/www.youtube.com\\\/@amkpenderecki4806\"]}]}<\/script>\n<!-- \/ Yoast SEO plugin. -->","yoast_head_json":{"title":"AMKP - Akademia Muzyczna im. Krzysztofa Pendereckiego w Krakowie","robots":{"index":"index","follow":"follow","max-snippet":"max-snippet:-1","max-image-preview":"max-image-preview:large","max-video-preview":"max-video-preview:-1"},"canonical":"https:\/\/www.amuz.krakow.pl\/rektor-amkp-uhonorowany-nagroda-ministra\/","og_locale":"en_US","og_type":"article","og_title":"AMKP - Akademia Muzyczna im. Krzysztofa Pendereckiego w Krakowie","og_description":"We wtorek 4 czerwca br. JM Rektor AMKP, prof. dr hab. Wojciech Wid\u0142ak, zosta\u0142 uhonorowany przez Ministr\u0119 Kultury i Dziedzictwa Narodowego, Hann\u0119 Wr\u00f3blewsk\u0105, nagrod\u0105 za ca\u0142okszta\u0142t dorobku. Uroczysto\u015b\u0107 przyznania nagr\u00f3d&hellip; Continue reading","og_url":"https:\/\/www.amuz.krakow.pl\/rektor-amkp-uhonorowany-nagroda-ministra\/","og_site_name":"Akademia Muzyczna im. Krzysztofa Pendereckiego w Krakowie","article_publisher":"https:\/\/www.facebook.com\/amuz.krakow","article_modified_time":"2024-06-06T09:52:43+00:00","og_image":[{"width":1024,"height":683,"url":"https:\/\/www.amuz.krakow.pl\/wp-content\/uploads\/2024\/06\/Nagrody-Minister-Kultury1-fot.-L.Lis_gov.pl_.jpg","type":"image\/jpeg"}],"twitter_card":"summary_large_image","twitter_misc":{"Est. reading time":"2 minutes"},"schema":{"@context":"https:\/\/schema.org","@graph":[{"@type":"WebPage","@id":"https:\/\/www.amuz.krakow.pl\/rektor-amkp-uhonorowany-nagroda-ministra\/","url":"https:\/\/www.amuz.krakow.pl\/rektor-amkp-uhonorowany-nagroda-ministra\/","name":"AMKP - Akademia Muzyczna im. Krzysztofa Pendereckiego w Krakowie","isPartOf":{"@id":"https:\/\/www.amuz.krakow.pl\/#website"},"primaryImageOfPage":{"@id":"https:\/\/www.amuz.krakow.pl\/rektor-amkp-uhonorowany-nagroda-ministra\/#primaryimage"},"image":{"@id":"https:\/\/www.amuz.krakow.pl\/rektor-amkp-uhonorowany-nagroda-ministra\/#primaryimage"},"thumbnailUrl":"https:\/\/www.amuz.krakow.pl\/wp-content\/uploads\/2024\/06\/Nagrody-Minister-Kultury1-fot.-L.Lis_gov.pl_.jpg","datePublished":"2024-06-06T09:34:14+00:00","dateModified":"2024-06-06T09:52:43+00:00","breadcrumb":{"@id":"https:\/\/www.amuz.krakow.pl\/rektor-amkp-uhonorowany-nagroda-ministra\/#breadcrumb"},"inLanguage":"en-US","potentialAction":[{"@type":"ReadAction","target":["https:\/\/www.amuz.krakow.pl\/rektor-amkp-uhonorowany-nagroda-ministra\/"]}]},{"@type":"ImageObject","inLanguage":"en-US","@id":"https:\/\/www.amuz.krakow.pl\/rektor-amkp-uhonorowany-nagroda-ministra\/#primaryimage","url":"https:\/\/www.amuz.krakow.pl\/wp-content\/uploads\/2024\/06\/Nagrody-Minister-Kultury1-fot.-L.Lis_gov.pl_.jpg","contentUrl":"https:\/\/www.amuz.krakow.pl\/wp-content\/uploads\/2024\/06\/Nagrody-Minister-Kultury1-fot.-L.Lis_gov.pl_.jpg","width":1024,"height":683},{"@type":"BreadcrumbList","@id":"https:\/\/www.amuz.krakow.pl\/rektor-amkp-uhonorowany-nagroda-ministra\/#breadcrumb","itemListElement":[{"@type":"ListItem","position":1,"name":"Strona g\u0142\u00f3wna","item":"https:\/\/www.amuz.krakow.pl\/"},{"@type":"ListItem","position":2,"name":"Rektor AMKP uhonorowany nagrod\u0105 Ministry Kultury i Dziedzictwa Narodowego"}]},{"@type":"WebSite","@id":"https:\/\/www.amuz.krakow.pl\/#website","url":"https:\/\/www.amuz.krakow.pl\/","name":"Akademia Muzyczna im. Krzysztofa Pendereckiego w Krakowie","description":"Oficjalna strona Akademii Muzycznej im. Krzysztofa Pendereckiego w Krakowie (AMKP).","publisher":{"@id":"https:\/\/www.amuz.krakow.pl\/#organization"},"alternateName":"AMKP","potentialAction":[{"@type":"SearchAction","target":{"@type":"EntryPoint","urlTemplate":"https:\/\/www.amuz.krakow.pl\/?s={search_term_string}"},"query-input":{"@type":"PropertyValueSpecification","valueRequired":true,"valueName":"search_term_string"}}],"inLanguage":"en-US"},{"@type":"Organization","@id":"https:\/\/www.amuz.krakow.pl\/#organization","name":"Akademia Muzyczna im. Krzysztofa Pendereckiego w Krakowie","alternateName":"AMKP","url":"https:\/\/www.amuz.krakow.pl\/","logo":{"@type":"ImageObject","inLanguage":"en-US","@id":"https:\/\/www.amuz.krakow.pl\/#\/schema\/logo\/image\/","url":"https:\/\/www.amuz.krakow.pl\/wp-content\/uploads\/2021\/11\/amkp.jpg","contentUrl":"https:\/\/www.amuz.krakow.pl\/wp-content\/uploads\/2021\/11\/amkp.jpg","width":1193,"height":591,"caption":"Akademia Muzyczna im. Krzysztofa Pendereckiego w Krakowie"},"image":{"@id":"https:\/\/www.amuz.krakow.pl\/#\/schema\/logo\/image\/"},"sameAs":["https:\/\/www.facebook.com\/amuz.krakow","https:\/\/www.instagram.com\/amkpenderecki\/","https:\/\/www.youtube.com\/@amkpenderecki4806"]}]}},"_links":{"self":[{"href":"https:\/\/www.amuz.krakow.pl\/en\/wp-json\/wp\/v2\/pages\/88034","targetHints":{"allow":["GET"]}}],"collection":[{"href":"https:\/\/www.amuz.krakow.pl\/en\/wp-json\/wp\/v2\/pages"}],"about":[{"href":"https:\/\/www.amuz.krakow.pl\/en\/wp-json\/wp\/v2\/types\/page"}],"author":[{"embeddable":true,"href":"https:\/\/www.amuz.krakow.pl\/en\/wp-json\/wp\/v2\/users\/72"}],"replies":[{"embeddable":true,"href":"https:\/\/www.amuz.krakow.pl\/en\/wp-json\/wp\/v2\/comments?post=88034"}],"version-history":[{"count":7,"href":"https:\/\/www.amuz.krakow.pl\/en\/wp-json\/wp\/v2\/pages\/88034\/revisions"}],"predecessor-version":[{"id":88054,"href":"https:\/\/www.amuz.krakow.pl\/en\/wp-json\/wp\/v2\/pages\/88034\/revisions\/88054"}],"wp:featuredmedia":[{"embeddable":true,"href":"https:\/\/www.amuz.krakow.pl\/en\/wp-json\/wp\/v2\/media\/88038"}],"wp:attachment":[{"href":"https:\/\/www.amuz.krakow.pl\/en\/wp-json\/wp\/v2\/media?parent=88034"}],"curies":[{"name":"wp","href":"https:\/\/api.w.org\/{rel}","templated":true}]}}