{"id":79026,"date":"2023-10-19T15:05:47","date_gmt":"2023-10-19T13:05:47","guid":{"rendered":"https:\/\/www.amuz.krakow.pl\/?page_id=79026"},"modified":"2023-10-20T12:14:54","modified_gmt":"2023-10-20T10:14:54","slug":"profesor-andrzej-pikul-rada-doskonalosci-naukowej","status":"publish","type":"page","link":"https:\/\/www.amuz.krakow.pl\/en\/profesor-andrzej-pikul-rada-doskonalosci-naukowej\/","title":{"rendered":"Profesor Andrzej Pikul w kolejnej kadencji Rady Doskona\u0142o\u015bci Naukowej"},"content":{"rendered":"<p><figure id=\"attachment_79030\" aria-describedby=\"caption-attachment-79030\" style=\"width: 500px\" class=\"wp-caption aligncenter\"><a href=\"https:\/\/www.amuz.krakow.pl\/wp-content\/uploads\/2023\/10\/IMG_220824_0096_small_fot.Piotr_Markowski-scaled.jpg\" target=\"_blank\" rel=\"noopener\"><img loading=\"lazy\" decoding=\"async\" class=\"wp-image-79030\" src=\"https:\/\/www.amuz.krakow.pl\/wp-content\/uploads\/2023\/10\/IMG_220824_0096_small_fot.Piotr_Markowski-300x200.jpg\" alt=\"\" width=\"500\" height=\"333\" srcset=\"https:\/\/www.amuz.krakow.pl\/wp-content\/uploads\/2023\/10\/IMG_220824_0096_small_fot.Piotr_Markowski-300x200.jpg 300w, https:\/\/www.amuz.krakow.pl\/wp-content\/uploads\/2023\/10\/IMG_220824_0096_small_fot.Piotr_Markowski-scaled.jpg 2048w, https:\/\/www.amuz.krakow.pl\/wp-content\/uploads\/2023\/10\/IMG_220824_0096_small_fot.Piotr_Markowski-768x512.jpg 768w, https:\/\/www.amuz.krakow.pl\/wp-content\/uploads\/2023\/10\/IMG_220824_0096_small_fot.Piotr_Markowski-1536x1024.jpg 1536w\" sizes=\"auto, (max-width: 500px) 100vw, 500px\" \/><\/a><figcaption id=\"caption-attachment-79030\" class=\"wp-caption-text\">fot. Piotr Markowski<\/figcaption><\/figure><\/p>\n<p>Z dum\u0105 informujemy, \u017ce <a href=\"https:\/\/www.amuz.krakow.pl\/wydzialy\/wydzial-ii-instrumentalny\/katedra-fortepianu\/pracownicy-katedry\/prof-dr-hab-andrzej-pikul\/\"><strong>prof. dr hab. Andrzej Pikul<\/strong><\/a> zosta\u0142 wybrany do <strong>Rady Doskona\u0142o\u015bci Naukowej<\/strong> na kadencj\u0119 w latach 2024-2027 w dziedzinie <em>sztuki muzyczne<\/em> i b\u0119dzie cz\u0142onkiem Zespo\u0142u VIII Sztuki.<\/p>\n<p>Profesor zasi\u0105dzie w Radzie po raz drugi (<a href=\"https:\/\/www.rdn.gov.pl\/zespoly\/newsId\/5.html\">sk\u0142ad zespo\u0142u kadencji 2019-2023<\/a>).<\/p>\n<p>Wraz z profesorem Pikulem dziedzin\u0119 <em>sztuki muzyczne<\/em> w kadencji 2024-2027 reprezentowa\u0107 b\u0119d\u0105 r\u00f3wnie\u017c <strong>Urszula Kryger z Akademii Muzycznej im. Gra\u017cyny i Kiejstuta Bacewicz\u00f3w w \u0141odzi<\/strong> oraz <strong>Pawe\u0142 Gusnar z Uniwersytet Muzyczny Fryderyka Chopina w Warszawie<\/strong>.<\/p>\n<p><strong>Rad\u0119 Doskona\u0142o\u015bci Naukowej<\/strong> powo\u0142ano w czerwcu 2019, a jej zadaniem jest dzia\u0142anie na rzecz rozwoju kadry naukowej. Reprezentuje j\u0105 po trzech przedstawicieli ka\u017cdej dyscypliny naukowej w o\u015bmiu zespo\u0142ach (nauk humanistycznych, nauk in\u017cynieryjno-technicznych, nauk medycznych i nauk o zdrowiu, nauk rolniczych, nauk spo\u0142ecznych, nauk \u015bcis\u0142ych i przyrodniczych, nauk teologicznych, sztuki).<\/p>","protected":false},"excerpt":{"rendered":"<p>Z dum\u0105 informujemy, \u017ce prof. dr hab. Andrzej Pikul zosta\u0142 wybrany do Rady Doskona\u0142o\u015bci Naukowej na kadencj\u0119 w latach 2024-2027 w dziedzinie sztuki muzyczne i b\u0119dzie cz\u0142onkiem Zespo\u0142u VIII Sztuki.&hellip; <a href=\"https:\/\/www.amuz.krakow.pl\/en\/profesor-andrzej-pikul-rada-doskonalosci-naukowej\/\">Continue reading<\/a><\/p>\n","protected":false},"author":72,"featured_media":79031,"parent":0,"menu_order":0,"comment_status":"closed","ping_status":"closed","template":"","meta":{"footnotes":"","_links_to":"","_links_to_target":""},"class_list":["post-79026","page","type-page","status-publish","has-post-thumbnail","hentry"],"yoast_head":"<!-- This site is optimized with the Yoast SEO plugin v27.5 - https:\/\/yoast.com\/product\/yoast-seo-wordpress\/ -->\n<title>AMKP - Akademia Muzyczna im. Krzysztofa Pendereckiego w Krakowie<\/title>\n<meta name=\"robots\" content=\"index, follow, max-snippet:-1, max-image-preview:large, max-video-preview:-1\" \/>\n<link rel=\"canonical\" href=\"https:\/\/www.amuz.krakow.pl\/profesor-andrzej-pikul-rada-doskonalosci-naukowej\/\" \/>\n<meta property=\"og:locale\" content=\"en_US\" \/>\n<meta property=\"og:type\" content=\"article\" \/>\n<meta property=\"og:title\" content=\"AMKP - Akademia Muzyczna im. Krzysztofa Pendereckiego w Krakowie\" \/>\n<meta property=\"og:description\" content=\"Z dum\u0105 informujemy, \u017ce prof. dr hab. Andrzej Pikul zosta\u0142 wybrany do Rady Doskona\u0142o\u015bci Naukowej na kadencj\u0119 w latach 2024-2027 w dziedzinie sztuki muzyczne i b\u0119dzie cz\u0142onkiem Zespo\u0142u VIII Sztuki.&hellip; Continue reading\" \/>\n<meta property=\"og:url\" content=\"https:\/\/www.amuz.krakow.pl\/profesor-andrzej-pikul-rada-doskonalosci-naukowej\/\" \/>\n<meta property=\"og:site_name\" content=\"Akademia Muzyczna im. Krzysztofa Pendereckiego w Krakowie\" \/>\n<meta property=\"article:publisher\" content=\"https:\/\/www.facebook.com\/amuz.krakow\" \/>\n<meta property=\"article:modified_time\" content=\"2023-10-20T10:14:54+00:00\" \/>\n<meta property=\"og:image\" content=\"https:\/\/www.amuz.krakow.pl\/wp-content\/uploads\/2023\/10\/IMG_220824_1131_small_fot.Piotr_Markowski-scaled.jpg\" \/>\n\t<meta property=\"og:image:width\" content=\"2048\" \/>\n\t<meta property=\"og:image:height\" content=\"1365\" \/>\n\t<meta property=\"og:image:type\" content=\"image\/jpeg\" \/>\n<meta name=\"twitter:card\" content=\"summary_large_image\" \/>\n<meta name=\"twitter:label1\" content=\"Est. reading time\" \/>\n\t<meta name=\"twitter:data1\" content=\"2 minutes\" \/>\n<script type=\"application\/ld+json\" class=\"yoast-schema-graph\">{\"@context\":\"https:\\\/\\\/schema.org\",\"@graph\":[{\"@type\":\"WebPage\",\"@id\":\"https:\\\/\\\/www.amuz.krakow.pl\\\/profesor-andrzej-pikul-rada-doskonalosci-naukowej\\\/\",\"url\":\"https:\\\/\\\/www.amuz.krakow.pl\\\/profesor-andrzej-pikul-rada-doskonalosci-naukowej\\\/\",\"name\":\"AMKP - Akademia Muzyczna im. Krzysztofa Pendereckiego w Krakowie\",\"isPartOf\":{\"@id\":\"https:\\\/\\\/www.amuz.krakow.pl\\\/#website\"},\"primaryImageOfPage\":{\"@id\":\"https:\\\/\\\/www.amuz.krakow.pl\\\/profesor-andrzej-pikul-rada-doskonalosci-naukowej\\\/#primaryimage\"},\"image\":{\"@id\":\"https:\\\/\\\/www.amuz.krakow.pl\\\/profesor-andrzej-pikul-rada-doskonalosci-naukowej\\\/#primaryimage\"},\"thumbnailUrl\":\"https:\\\/\\\/www.amuz.krakow.pl\\\/wp-content\\\/uploads\\\/2023\\\/10\\\/IMG_220824_1131_small_fot.Piotr_Markowski-scaled.jpg\",\"datePublished\":\"2023-10-19T13:05:47+00:00\",\"dateModified\":\"2023-10-20T10:14:54+00:00\",\"breadcrumb\":{\"@id\":\"https:\\\/\\\/www.amuz.krakow.pl\\\/profesor-andrzej-pikul-rada-doskonalosci-naukowej\\\/#breadcrumb\"},\"inLanguage\":\"en-US\",\"potentialAction\":[{\"@type\":\"ReadAction\",\"target\":[\"https:\\\/\\\/www.amuz.krakow.pl\\\/profesor-andrzej-pikul-rada-doskonalosci-naukowej\\\/\"]}]},{\"@type\":\"ImageObject\",\"inLanguage\":\"en-US\",\"@id\":\"https:\\\/\\\/www.amuz.krakow.pl\\\/profesor-andrzej-pikul-rada-doskonalosci-naukowej\\\/#primaryimage\",\"url\":\"https:\\\/\\\/www.amuz.krakow.pl\\\/wp-content\\\/uploads\\\/2023\\\/10\\\/IMG_220824_1131_small_fot.Piotr_Markowski-scaled.jpg\",\"contentUrl\":\"https:\\\/\\\/www.amuz.krakow.pl\\\/wp-content\\\/uploads\\\/2023\\\/10\\\/IMG_220824_1131_small_fot.Piotr_Markowski-scaled.jpg\",\"width\":2048,\"height\":1365},{\"@type\":\"BreadcrumbList\",\"@id\":\"https:\\\/\\\/www.amuz.krakow.pl\\\/profesor-andrzej-pikul-rada-doskonalosci-naukowej\\\/#breadcrumb\",\"itemListElement\":[{\"@type\":\"ListItem\",\"position\":1,\"name\":\"Strona g\u0142\u00f3wna\",\"item\":\"https:\\\/\\\/www.amuz.krakow.pl\\\/\"},{\"@type\":\"ListItem\",\"position\":2,\"name\":\"Profesor Andrzej Pikul w kolejnej kadencji Rady Doskona\u0142o\u015bci Naukowej\"}]},{\"@type\":\"WebSite\",\"@id\":\"https:\\\/\\\/www.amuz.krakow.pl\\\/#website\",\"url\":\"https:\\\/\\\/www.amuz.krakow.pl\\\/\",\"name\":\"Akademia Muzyczna im. Krzysztofa Pendereckiego w Krakowie\",\"description\":\"Oficjalna strona Akademii Muzycznej im. Krzysztofa Pendereckiego w Krakowie (AMKP).\",\"publisher\":{\"@id\":\"https:\\\/\\\/www.amuz.krakow.pl\\\/#organization\"},\"alternateName\":\"AMKP\",\"potentialAction\":[{\"@type\":\"SearchAction\",\"target\":{\"@type\":\"EntryPoint\",\"urlTemplate\":\"https:\\\/\\\/www.amuz.krakow.pl\\\/?s={search_term_string}\"},\"query-input\":{\"@type\":\"PropertyValueSpecification\",\"valueRequired\":true,\"valueName\":\"search_term_string\"}}],\"inLanguage\":\"en-US\"},{\"@type\":\"Organization\",\"@id\":\"https:\\\/\\\/www.amuz.krakow.pl\\\/#organization\",\"name\":\"Akademia Muzyczna im. Krzysztofa Pendereckiego w Krakowie\",\"alternateName\":\"AMKP\",\"url\":\"https:\\\/\\\/www.amuz.krakow.pl\\\/\",\"logo\":{\"@type\":\"ImageObject\",\"inLanguage\":\"en-US\",\"@id\":\"https:\\\/\\\/www.amuz.krakow.pl\\\/#\\\/schema\\\/logo\\\/image\\\/\",\"url\":\"https:\\\/\\\/www.amuz.krakow.pl\\\/wp-content\\\/uploads\\\/2021\\\/11\\\/amkp.jpg\",\"contentUrl\":\"https:\\\/\\\/www.amuz.krakow.pl\\\/wp-content\\\/uploads\\\/2021\\\/11\\\/amkp.jpg\",\"width\":1193,\"height\":591,\"caption\":\"Akademia Muzyczna im. Krzysztofa Pendereckiego w Krakowie\"},\"image\":{\"@id\":\"https:\\\/\\\/www.amuz.krakow.pl\\\/#\\\/schema\\\/logo\\\/image\\\/\"},\"sameAs\":[\"https:\\\/\\\/www.facebook.com\\\/amuz.krakow\",\"https:\\\/\\\/www.instagram.com\\\/amkpenderecki\\\/\",\"https:\\\/\\\/www.youtube.com\\\/@amkpenderecki4806\"]}]}<\/script>\n<!-- \/ Yoast SEO plugin. -->","yoast_head_json":{"title":"AMKP - Akademia Muzyczna im. Krzysztofa Pendereckiego w Krakowie","robots":{"index":"index","follow":"follow","max-snippet":"max-snippet:-1","max-image-preview":"max-image-preview:large","max-video-preview":"max-video-preview:-1"},"canonical":"https:\/\/www.amuz.krakow.pl\/profesor-andrzej-pikul-rada-doskonalosci-naukowej\/","og_locale":"en_US","og_type":"article","og_title":"AMKP - Akademia Muzyczna im. Krzysztofa Pendereckiego w Krakowie","og_description":"Z dum\u0105 informujemy, \u017ce prof. dr hab. Andrzej Pikul zosta\u0142 wybrany do Rady Doskona\u0142o\u015bci Naukowej na kadencj\u0119 w latach 2024-2027 w dziedzinie sztuki muzyczne i b\u0119dzie cz\u0142onkiem Zespo\u0142u VIII Sztuki.&hellip; Continue reading","og_url":"https:\/\/www.amuz.krakow.pl\/profesor-andrzej-pikul-rada-doskonalosci-naukowej\/","og_site_name":"Akademia Muzyczna im. Krzysztofa Pendereckiego w Krakowie","article_publisher":"https:\/\/www.facebook.com\/amuz.krakow","article_modified_time":"2023-10-20T10:14:54+00:00","og_image":[{"width":2048,"height":1365,"url":"https:\/\/www.amuz.krakow.pl\/wp-content\/uploads\/2023\/10\/IMG_220824_1131_small_fot.Piotr_Markowski-scaled.jpg","type":"image\/jpeg"}],"twitter_card":"summary_large_image","twitter_misc":{"Est. reading time":"2 minutes"},"schema":{"@context":"https:\/\/schema.org","@graph":[{"@type":"WebPage","@id":"https:\/\/www.amuz.krakow.pl\/profesor-andrzej-pikul-rada-doskonalosci-naukowej\/","url":"https:\/\/www.amuz.krakow.pl\/profesor-andrzej-pikul-rada-doskonalosci-naukowej\/","name":"AMKP - Akademia Muzyczna im. Krzysztofa Pendereckiego w Krakowie","isPartOf":{"@id":"https:\/\/www.amuz.krakow.pl\/#website"},"primaryImageOfPage":{"@id":"https:\/\/www.amuz.krakow.pl\/profesor-andrzej-pikul-rada-doskonalosci-naukowej\/#primaryimage"},"image":{"@id":"https:\/\/www.amuz.krakow.pl\/profesor-andrzej-pikul-rada-doskonalosci-naukowej\/#primaryimage"},"thumbnailUrl":"https:\/\/www.amuz.krakow.pl\/wp-content\/uploads\/2023\/10\/IMG_220824_1131_small_fot.Piotr_Markowski-scaled.jpg","datePublished":"2023-10-19T13:05:47+00:00","dateModified":"2023-10-20T10:14:54+00:00","breadcrumb":{"@id":"https:\/\/www.amuz.krakow.pl\/profesor-andrzej-pikul-rada-doskonalosci-naukowej\/#breadcrumb"},"inLanguage":"en-US","potentialAction":[{"@type":"ReadAction","target":["https:\/\/www.amuz.krakow.pl\/profesor-andrzej-pikul-rada-doskonalosci-naukowej\/"]}]},{"@type":"ImageObject","inLanguage":"en-US","@id":"https:\/\/www.amuz.krakow.pl\/profesor-andrzej-pikul-rada-doskonalosci-naukowej\/#primaryimage","url":"https:\/\/www.amuz.krakow.pl\/wp-content\/uploads\/2023\/10\/IMG_220824_1131_small_fot.Piotr_Markowski-scaled.jpg","contentUrl":"https:\/\/www.amuz.krakow.pl\/wp-content\/uploads\/2023\/10\/IMG_220824_1131_small_fot.Piotr_Markowski-scaled.jpg","width":2048,"height":1365},{"@type":"BreadcrumbList","@id":"https:\/\/www.amuz.krakow.pl\/profesor-andrzej-pikul-rada-doskonalosci-naukowej\/#breadcrumb","itemListElement":[{"@type":"ListItem","position":1,"name":"Strona g\u0142\u00f3wna","item":"https:\/\/www.amuz.krakow.pl\/"},{"@type":"ListItem","position":2,"name":"Profesor Andrzej Pikul w kolejnej kadencji Rady Doskona\u0142o\u015bci Naukowej"}]},{"@type":"WebSite","@id":"https:\/\/www.amuz.krakow.pl\/#website","url":"https:\/\/www.amuz.krakow.pl\/","name":"Akademia Muzyczna im. Krzysztofa Pendereckiego w Krakowie","description":"Oficjalna strona Akademii Muzycznej im. Krzysztofa Pendereckiego w Krakowie (AMKP).","publisher":{"@id":"https:\/\/www.amuz.krakow.pl\/#organization"},"alternateName":"AMKP","potentialAction":[{"@type":"SearchAction","target":{"@type":"EntryPoint","urlTemplate":"https:\/\/www.amuz.krakow.pl\/?s={search_term_string}"},"query-input":{"@type":"PropertyValueSpecification","valueRequired":true,"valueName":"search_term_string"}}],"inLanguage":"en-US"},{"@type":"Organization","@id":"https:\/\/www.amuz.krakow.pl\/#organization","name":"Akademia Muzyczna im. Krzysztofa Pendereckiego w Krakowie","alternateName":"AMKP","url":"https:\/\/www.amuz.krakow.pl\/","logo":{"@type":"ImageObject","inLanguage":"en-US","@id":"https:\/\/www.amuz.krakow.pl\/#\/schema\/logo\/image\/","url":"https:\/\/www.amuz.krakow.pl\/wp-content\/uploads\/2021\/11\/amkp.jpg","contentUrl":"https:\/\/www.amuz.krakow.pl\/wp-content\/uploads\/2021\/11\/amkp.jpg","width":1193,"height":591,"caption":"Akademia Muzyczna im. Krzysztofa Pendereckiego w Krakowie"},"image":{"@id":"https:\/\/www.amuz.krakow.pl\/#\/schema\/logo\/image\/"},"sameAs":["https:\/\/www.facebook.com\/amuz.krakow","https:\/\/www.instagram.com\/amkpenderecki\/","https:\/\/www.youtube.com\/@amkpenderecki4806"]}]}},"_links":{"self":[{"href":"https:\/\/www.amuz.krakow.pl\/en\/wp-json\/wp\/v2\/pages\/79026","targetHints":{"allow":["GET"]}}],"collection":[{"href":"https:\/\/www.amuz.krakow.pl\/en\/wp-json\/wp\/v2\/pages"}],"about":[{"href":"https:\/\/www.amuz.krakow.pl\/en\/wp-json\/wp\/v2\/types\/page"}],"author":[{"embeddable":true,"href":"https:\/\/www.amuz.krakow.pl\/en\/wp-json\/wp\/v2\/users\/72"}],"replies":[{"embeddable":true,"href":"https:\/\/www.amuz.krakow.pl\/en\/wp-json\/wp\/v2\/comments?post=79026"}],"version-history":[{"count":6,"href":"https:\/\/www.amuz.krakow.pl\/en\/wp-json\/wp\/v2\/pages\/79026\/revisions"}],"predecessor-version":[{"id":79043,"href":"https:\/\/www.amuz.krakow.pl\/en\/wp-json\/wp\/v2\/pages\/79026\/revisions\/79043"}],"wp:featuredmedia":[{"embeddable":true,"href":"https:\/\/www.amuz.krakow.pl\/en\/wp-json\/wp\/v2\/media\/79031"}],"wp:attachment":[{"href":"https:\/\/www.amuz.krakow.pl\/en\/wp-json\/wp\/v2\/media?parent=79026"}],"curies":[{"name":"wp","href":"https:\/\/api.w.org\/{rel}","templated":true}]}}