{"version":"1.0","provider_name":"Akademia Muzyczna im. Krzysztofa Pendereckiego w Krakowie","provider_url":"https:\/\/www.amuz.krakow.pl\/en","title":"[:pl]JAZZ W AKADEMII[:] - Akademia Muzyczna im. Krzysztofa Pendereckiego w Krakowie","type":"rich","width":600,"height":338,"html":"<blockquote class=\"wp-embedded-content\" data-secret=\"Un0o1GHU6S\"><a href=\"https:\/\/www.amuz.krakow.pl\/en\/event\/jazz-w-akademii-2\/\">JAZZ W AKADEMII<\/a><\/blockquote><iframe sandbox=\"allow-scripts\" security=\"restricted\" src=\"https:\/\/www.amuz.krakow.pl\/en\/event\/jazz-w-akademii-2\/embed\/#?secret=Un0o1GHU6S\" width=\"600\" height=\"338\" title=\"&#8220;JAZZ W AKADEMII&#8221; &#8212; Akademia Muzyczna im. Krzysztofa Pendereckiego w Krakowie\" data-secret=\"Un0o1GHU6S\" frameborder=\"0\" marginwidth=\"0\" marginheight=\"0\" scrolling=\"no\" class=\"wp-embedded-content\"><\/iframe><script type=\"text\/javascript\">\n\/* <![CDATA[ *\/\n\/*! This file is auto-generated *\/\n!function(d,l){\"use strict\";l.querySelector&&d.addEventListener&&\"undefined\"!=typeof URL&&(d.wp=d.wp||{},d.wp.receiveEmbedMessage||(d.wp.receiveEmbedMessage=function(e){var t=e.data;if((t||t.secret||t.message||t.value)&&!\/[^a-zA-Z0-9]\/.test(t.secret)){for(var s,r,n,a=l.querySelectorAll('iframe[data-secret=\"'+t.secret+'\"]'),o=l.querySelectorAll('blockquote[data-secret=\"'+t.secret+'\"]'),c=new RegExp(\"^https?:$\",\"i\"),i=0;i<o.length;i++)o[i].style.display=\"none\";for(i=0;i<a.length;i++)s=a[i],e.source===s.contentWindow&&(s.removeAttribute(\"style\"),\"height\"===t.message?(1e3<(r=parseInt(t.value,10))?r=1e3:~~r<200&&(r=200),s.height=r):\"link\"===t.message&&(r=new URL(s.getAttribute(\"src\")),n=new URL(t.value),c.test(n.protocol))&&n.host===r.host&&l.activeElement===s&&(d.top.location.href=t.value))}},d.addEventListener(\"message\",d.wp.receiveEmbedMessage,!1),l.addEventListener(\"DOMContentLoaded\",function(){for(var e,t,s=l.querySelectorAll(\"iframe.wp-embedded-content\"),r=0;r<s.length;r++)(t=(e=s[r]).getAttribute(\"data-secret\"))||(t=Math.random().toString(36).substring(2,12),e.src+=\"#?secret=\"+t,e.setAttribute(\"data-secret\",t)),e.contentWindow.postMessage({message:\"ready\",secret:t},\"*\")},!1)))}(window,document);\n\/\/# sourceURL=https:\/\/www.amuz.krakow.pl\/wp-includes\/js\/wp-embed.min.js\n\/* ]]> *\/\n<\/script>\n","thumbnail_url":"https:\/\/www.amuz.krakow.pl\/wp-content\/uploads\/2021\/05\/FORMATKA-JAZZ.jpg","thumbnail_width":1980,"thumbnail_height":975,"description":"[:pl]19 maja 2021 r. w Sali Koncertowej Akademii Muzycznej im. Krzysztofa Pendereckiego w Krakowie odb\u0119dzie si\u0119 koncert \u201eJazz w Akademii\u201d. Podczas koncertu odb\u0119dzie si\u0119 prezentacja publikacji naukowej Jazz XXI, kt\u00f3ra jest efektem Mi\u0119dzynarodowej Konferencji Naukowej o tym samym tytule, a tak\u017ce uroczyste po\u017cegnanie prof. Jana Pilcha przez pracownik\u00f3w Katedry Jazzu. Niestety ze wzgl\u0119d\u00f3w epidemiologicznych wydarzenie odb\u0119dzie si\u0119 bez udzia\u0142u publiczno\u015bci. Koncert zostanie nagrany i opublikowany on-line na stronie internetowej Akademii w zak\u0142adce \u201eAkademia w sieci\u201d. Zapraszamy do \u015bledzenia naszej strony internetowej i profilu www.facebook.com\/amuz.krakow     godz. 18:00 (kadra i studenci)  Tomasz Kudyk \"NEW BONE\" Tomasz Kudyk \u2013 tr\u0105bka Bartek Prucnal \u2013 saksofon altowy Dominik Wania \u2013 fortepian Maciej Adamczak \u2013 bass Dawid Fortuna \u2013 perkusja  Mateusz Kaszuba Trio Mateusz Kaszuba \u2013 fortepian Piotr Narajowski \u2013 kontrabas, Bart\u0142omiej Dybel \u2013 perkusja  Gabriel Niedziela Quintet Gabriel Niedziela \u2013 gitara Marcin Kaletka \u2013 saksofon Piotr Wyle\u017co\u0142 \u2013 fortepian Piotr Narajowski \u2013 kontrabas Grzegorz Pa\u0142ka \u2013 perkusja  Big Band AMKP w Krakowie Wojciech Groborz\u00a0\u2013 kierownictwo  ***  godz. 19:30 ADAM BA\u0141DYCH Quartet Adam Ba\u0142dych \u2013 skrzypce Krzysztof Dys \u2013 fortepian Micha\u0142 Bara\u0144ski \u2013 kontrabas Dawid Fortuna - perkusja  Organizator: Katedra Jazzu Akademii Muzycznej im. Krzysztofa Pendereckiego w Krakowie[:]"}